{"id":29,"date":"2015-02-19T13:47:33","date_gmt":"2015-02-19T13:47:33","guid":{"rendered":"https:\/\/malandainac.greenshift.eu\/\/?page_id=29"},"modified":"2024-02-01T10:56:57","modified_gmt":"2024-02-01T10:56:57","slug":"mentions-legales","status":"publish","type":"page","link":"https:\/\/www.biarritz-academie-danse.com\/en\/mentions-legales\/","title":{"rendered":"Mentions l\u00e9gales"},"content":{"rendered":"<div data-elementor-type=\"wp-page\" data-elementor-id=\"29\" class=\"elementor elementor-29\" data-elementor-post-type=\"page\">\n\t\t\t\t<div class=\"elementor-element elementor-element-2f6b20c e-con-full e-flex e-con e-parent\" data-id=\"2f6b20c\" data-element_type=\"container\" data-settings=\"{&quot;background_background&quot;:&quot;classic&quot;,&quot;jet_parallax_layout_list&quot;:[]}\" data-core-v316-plus=\"true\">\n\t\t\t\t<\/div>\n\t\t<div class=\"elementor-element elementor-element-cb431c3 e-con-full e-flex e-con e-parent\" data-id=\"cb431c3\" data-element_type=\"container\" data-settings=\"{&quot;jet_parallax_layout_list&quot;:[]}\" data-core-v316-plus=\"true\">\n\t\t\t\t<div class=\"elementor-element elementor-element-1abea32 elementor-widget elementor-widget-text-editor\" data-id=\"1abea32\" data-element_type=\"widget\" data-widget_type=\"text-editor.default\">\n\t\t\t\t<div class=\"elementor-widget-container\">\n\t\t\t<style>\/*! elementor - v3.20.0 - 26-03-2024 *\/\n.elementor-widget-text-editor.elementor-drop-cap-view-stacked .elementor-drop-cap{background-color:#69727d;color:#fff}.elementor-widget-text-editor.elementor-drop-cap-view-framed .elementor-drop-cap{color:#69727d;border:3px solid;background-color:transparent}.elementor-widget-text-editor:not(.elementor-drop-cap-view-default) .elementor-drop-cap{margin-top:8px}.elementor-widget-text-editor:not(.elementor-drop-cap-view-default) .elementor-drop-cap-letter{width:1em;height:1em}.elementor-widget-text-editor .elementor-drop-cap{float:left;text-align:center;line-height:1;font-size:50px}.elementor-widget-text-editor .elementor-drop-cap-letter{display:inline-block}<\/style>\t\t\t\t<h2>Mentions l\u00e9gales<\/h2><p>Le site accessible depuis l\u2019url www.biarritz-academie-danse.com est la propri\u00e9t\u00e9 de L\u2019ASSOCIATION LOI 1901 \u00ab BALLET BIARRITZ\u00bb \/ Malandain Ballet Biarritz, Centre chor\u00e9graphique national d\u2019Aquitaine en Pyr\u00e9n\u00e9es Atlantiques, N\u00b0 de SIRET 419 590 344 00018 \u2013 CODE APE 900 1Z, licence d\u2019Entrepreneur de Spectacles : <span class=\"outlook-search-highlight\" data-markjs=\"true\">Licence<\/span>s 2 &#8211; PLATESV-R-2021-009535 et 3 PLATESV-R-2021 009537.<\/p><p>Si\u00e8ge social\u00a0: Gare du Midi &#8211; 23, avenue Foch &#8211; 64200 BIARRITZ<\/p><p><span style=\"color: #000000;\">Responsable de la publication du site<\/span> : Yves Kordian \u2013 Directeur d\u00e9l\u00e9gu\u00e9<\/p><h5>Cr\u00e9dits<\/h5><p>Web-Design<br \/>H\u00e9lios-prod Biarritz, <a href=\"https:\/\/www.helios-prod.fr\/\">helios-prod.fr<\/a><\/p><p>D\u00e9veloppement<\/p><p>H\u00e9lios-prod Biarritz<\/p><h5>Photos<\/h5><p><a href=\"http:\/\/www.davidherrero.com\/accueil.html\" target=\"_blank\" rel=\"noopener\">David Herrero<\/a>, <a href=\"https:\/\/fr-fr.facebook.com\/pages\/Olivier-Houeix-Photographe\/552524628137862\" target=\"_blank\" rel=\"noopener\">Olivier Houeix<\/a>, <a href=\"http:\/\/www.johanmorin.com\/fr\/accueil.html\" target=\"_blank\" rel=\"noopener\">Johan Morin<\/a>, <a href=\"https:\/\/www.olivier-klepatzky.com\/\" target=\"_blank\" rel=\"noopener\">Olivier Klepatzky<\/a><\/p><h5>Vid\u00e9os<\/h5><p><a href=\"https:\/\/www.olivier-klepatzky.com\/\" target=\"_blank\" rel=\"noopener\">Olivier Klepatzky<\/a>, Malandain Ballet Biarritz<\/p><h5>Accommodation<\/h5><p>Greenshift<\/p><p>9, rue Campagne Premi\u00e8re<\/p><p>75014 Paris \/ France \u2013 <a href=\"http:\/\/www.greenshift.eu\" target=\"_blank\" rel=\"noopener\">www.greenshift.eu<\/a><\/p>\t\t\t\t\t\t<\/div>\n\t\t\t\t<\/div>\n\t\t\t\t<\/div>\n\t\t<div class=\"elementor-element elementor-element-70a026f e-flex e-con-boxed e-con e-parent\" data-id=\"70a026f\" data-element_type=\"container\" data-settings=\"{&quot;jet_parallax_layout_list&quot;:[]}\" data-core-v316-plus=\"true\">\n\t\t\t\t\t<div class=\"e-con-inner\">\n\t\t\t\t<div class=\"elementor-element elementor-element-4f982bc elementor-widget elementor-widget-spacer\" data-id=\"4f982bc\" data-element_type=\"widget\" data-widget_type=\"spacer.default\">\n\t\t\t\t<div class=\"elementor-widget-container\">\n\t\t\t<style>\/*! elementor - v3.20.0 - 26-03-2024 *\/\n.elementor-column .elementor-spacer-inner{height:var(--spacer-size)}.e-con{--container-widget-width:100%}.e-con-inner>.elementor-widget-spacer,.e-con>.elementor-widget-spacer{width:var(--container-widget-width,var(--spacer-size));--align-self:var(--container-widget-align-self,initial);--flex-shrink:0}.e-con-inner>.elementor-widget-spacer>.elementor-widget-container,.e-con>.elementor-widget-spacer>.elementor-widget-container{height:100%;width:100%}.e-con-inner>.elementor-widget-spacer>.elementor-widget-container>.elementor-spacer,.e-con>.elementor-widget-spacer>.elementor-widget-container>.elementor-spacer{height:100%}.e-con-inner>.elementor-widget-spacer>.elementor-widget-container>.elementor-spacer>.elementor-spacer-inner,.e-con>.elementor-widget-spacer>.elementor-widget-container>.elementor-spacer>.elementor-spacer-inner{height:var(--container-widget-height,var(--spacer-size))}.e-con-inner>.elementor-widget-spacer.elementor-widget-empty,.e-con>.elementor-widget-spacer.elementor-widget-empty{position:relative;min-height:22px;min-width:22px}.e-con-inner>.elementor-widget-spacer.elementor-widget-empty .elementor-widget-empty-icon,.e-con>.elementor-widget-spacer.elementor-widget-empty .elementor-widget-empty-icon{position:absolute;top:0;bottom:0;left:0;right:0;margin:auto;padding:0;width:22px;height:22px}<\/style>\t\t<div class=\"elementor-spacer\">\n\t\t\t<div class=\"elementor-spacer-inner\"><\/div>\n\t\t<\/div>\n\t\t\t\t<\/div>\n\t\t\t\t<\/div>\n\t\t\t\t\t<\/div>\n\t\t\t\t<\/div>\n\t\t<div class=\"elementor-element elementor-element-973b51f e-con-full e-flex e-con e-parent\" data-id=\"973b51f\" data-element_type=\"container\" data-settings=\"{&quot;jet_parallax_layout_list&quot;:[]}\" data-core-v316-plus=\"true\">\n\t\t\t\t<div class=\"elementor-element elementor-element-3cfe190 elementor-widget elementor-widget-text-editor\" data-id=\"3cfe190\" data-element_type=\"widget\" data-widget_type=\"text-editor.default\">\n\t\t\t\t<div class=\"elementor-widget-container\">\n\t\t\t\t\t\t\t<h5>Droits de propri\u00e9t\u00e9 intellectuelle<\/h5><p>Ce site doit \u00eatre consid\u00e9r\u00e9 comme un tout indissociable. Les informations y figurant sont r\u00e9serv\u00e9es \u00e0 un usage exclusif personnel et ne peuvent \u00eatre en tout ou partie ni reproduites, ni communiqu\u00e9es. Toute reproduction, repr\u00e9sentation ou diffusion, \u00e0 des fins autres que personnelles, en tout ou partie du contenu de ce site sur quelque support ou par tout proc\u00e9d\u00e9 que ce soit est interdit. Le non-respect de cette interdiction constitue une contrefa\u00e7on susceptible d&rsquo;engager la responsabilit\u00e9 civile et p\u00e9nale du contrefacteur.<\/p><p>Il est strictement interdit d&rsquo;utiliser ou de reproduire le nom \u00ab Biarritz Acad\u00e9mie Danse \u00bb et ou son logo, seuls ou associ\u00e9s, \u00e0 quelque titre que ce soit, notamment \u00e0 des fins publicitaires, sans l&rsquo;accord pr\u00e9alable \u00e9crit de Ballet Biarritz.<\/p><p>De plus toute reproduction, repr\u00e9sentation, utilisation, adaptation, modification, incorporation, traduction, commercialisation, partielles ou int\u00e9grales par quelque proc\u00e9d\u00e9 et sur quelque support que ce soit (papier, num\u00e9rique, \u2026) sont interdites, sans l&rsquo;autorisation \u00e9crite pr\u00e9alable de Ballet Biarritz, hormis les exceptions vis\u00e9es \u00e0 l&rsquo;article L 122.5 du Code de la Propri\u00e9t\u00e9 Intellectuelle, sous peine de constituer un d\u00e9lit de contrefa\u00e7on de droit d&rsquo;auteur et\/ou de dessins et mod\u00e8les et\/ou de marque, puni de deux ans d&#8217;emprisonnement et de 150 000 \u20ac d&rsquo;amende.<\/p>\t\t\t\t\t\t<\/div>\n\t\t\t\t<\/div>\n\t\t\t\t<\/div>\n\t\t<div class=\"elementor-element elementor-element-f914026 e-flex e-con-boxed e-con e-parent\" data-id=\"f914026\" data-element_type=\"container\" data-settings=\"{&quot;jet_parallax_layout_list&quot;:[]}\" data-core-v316-plus=\"true\">\n\t\t\t\t\t<div class=\"e-con-inner\">\n\t\t\t\t<div class=\"elementor-element elementor-element-6441e00 elementor-widget elementor-widget-spacer\" data-id=\"6441e00\" data-element_type=\"widget\" data-widget_type=\"spacer.default\">\n\t\t\t\t<div class=\"elementor-widget-container\">\n\t\t\t\t\t<div class=\"elementor-spacer\">\n\t\t\t<div class=\"elementor-spacer-inner\"><\/div>\n\t\t<\/div>\n\t\t\t\t<\/div>\n\t\t\t\t<\/div>\n\t\t\t\t\t<\/div>\n\t\t\t\t<\/div>\n\t\t<div class=\"elementor-element elementor-element-1254f1d e-flex e-con-boxed e-con e-parent\" data-id=\"1254f1d\" data-element_type=\"container\" data-settings=\"{&quot;jet_parallax_layout_list&quot;:[]}\" data-core-v316-plus=\"true\">\n\t\t\t\t\t<div class=\"e-con-inner\">\n\t\t\t\t<div class=\"elementor-element elementor-element-8cc3ee3 elementor-widget elementor-widget-spacer\" data-id=\"8cc3ee3\" data-element_type=\"widget\" data-widget_type=\"spacer.default\">\n\t\t\t\t<div class=\"elementor-widget-container\">\n\t\t\t\t\t<div class=\"elementor-spacer\">\n\t\t\t<div class=\"elementor-spacer-inner\"><\/div>\n\t\t<\/div>\n\t\t\t\t<\/div>\n\t\t\t\t<\/div>\n\t\t\t\t\t<\/div>\n\t\t\t\t<\/div>\n\t\t\t\t<\/div>","protected":false},"excerpt":{"rendered":"<p>Mentions l\u00e9gales Le site accessible depuis l\u2019url www.biarritz-academie-danse.com est la propri\u00e9t\u00e9 de L\u2019ASSOCIATION LOI 1901 \u00ab BALLET BIARRITZ\u00bb \/ Malandain Ballet Biarritz, Centre chor\u00e9graphique national d\u2019Aquitaine en Pyr\u00e9n\u00e9es Atlantiques, N\u00b0 de SIRET 419 590 344 00018 \u2013 CODE APE 900 [&hellip;]<\/p>\n","protected":false},"author":2,"featured_media":0,"parent":0,"menu_order":0,"comment_status":"open","ping_status":"open","template":"elementor_header_footer","meta":{"_acf_changed":false,"footnotes":""},"acf":[],"yoast_head":"<!-- This site is optimized with the Yoast SEO plugin v23.5 - https:\/\/yoast.com\/wordpress\/plugins\/seo\/ -->\n<title>Mentions l\u00e9gales - Biarritz Acad\u00e9mie de danse<\/title>\n<meta name=\"robots\" content=\"index, follow, max-snippet:-1, max-image-preview:large, max-video-preview:-1\" \/>\n<link rel=\"canonical\" href=\"https:\/\/www.biarritz-academie-danse.com\/en\/mentions-legales\/\" \/>\n<meta property=\"og:locale\" content=\"en_GB\" \/>\n<meta property=\"og:type\" content=\"article\" \/>\n<meta property=\"og:title\" content=\"Mentions l\u00e9gales - Biarritz Acad\u00e9mie de danse\" \/>\n<meta property=\"og:description\" content=\"Mentions l\u00e9gales Le site accessible depuis l\u2019url www.biarritz-academie-danse.com est la propri\u00e9t\u00e9 de L\u2019ASSOCIATION LOI 1901 \u00ab BALLET BIARRITZ\u00bb \/ Malandain Ballet Biarritz, Centre chor\u00e9graphique national d\u2019Aquitaine en Pyr\u00e9n\u00e9es Atlantiques, N\u00b0 de SIRET 419 590 344 00018 \u2013 CODE APE 900 [&hellip;]\" \/>\n<meta property=\"og:url\" content=\"https:\/\/www.biarritz-academie-danse.com\/en\/mentions-legales\/\" \/>\n<meta property=\"og:site_name\" content=\"Biarritz Acad\u00e9mie de danse\" \/>\n<meta property=\"article:publisher\" content=\"https:\/\/www.facebook.com\/people\/Acadmie-Internationale-de-Danse-de-Biarritz\/100057286936432\/\" \/>\n<meta property=\"article:modified_time\" content=\"2024-02-01T10:56:57+00:00\" \/>\n<meta name=\"twitter:card\" content=\"summary_large_image\" \/>\n<meta name=\"twitter:label1\" content=\"Estimated reading time\" \/>\n\t<meta name=\"twitter:data1\" content=\"2 minutes\" \/>\n<script type=\"application\/ld+json\" class=\"yoast-schema-graph\">{\"@context\":\"https:\/\/schema.org\",\"@graph\":[{\"@type\":\"WebPage\",\"@id\":\"https:\/\/www.biarritz-academie-danse.com\/mentions-legales\/\",\"url\":\"https:\/\/www.biarritz-academie-danse.com\/mentions-legales\/\",\"name\":\"Mentions l\u00e9gales - Biarritz Acad\u00e9mie de danse\",\"isPartOf\":{\"@id\":\"https:\/\/www.biarritz-academie-danse.com\/#website\"},\"datePublished\":\"2015-02-19T13:47:33+00:00\",\"dateModified\":\"2024-02-01T10:56:57+00:00\",\"breadcrumb\":{\"@id\":\"https:\/\/www.biarritz-academie-danse.com\/mentions-legales\/#breadcrumb\"},\"inLanguage\":\"en-GB\",\"potentialAction\":[{\"@type\":\"ReadAction\",\"target\":[\"https:\/\/www.biarritz-academie-danse.com\/mentions-legales\/\"]}]},{\"@type\":\"BreadcrumbList\",\"@id\":\"https:\/\/www.biarritz-academie-danse.com\/mentions-legales\/#breadcrumb\",\"itemListElement\":[{\"@type\":\"ListItem\",\"position\":1,\"name\":\"Accueil\",\"item\":\"https:\/\/www.biarritz-academie-danse.com\/\"},{\"@type\":\"ListItem\",\"position\":2,\"name\":\"Mentions l\u00e9gales\"}]},{\"@type\":\"WebSite\",\"@id\":\"https:\/\/www.biarritz-academie-danse.com\/#website\",\"url\":\"https:\/\/www.biarritz-academie-danse.com\/\",\"name\":\"Biarritz Acad\u00e9mie de danse\",\"description\":\"site du stage international de danse de biarritz\",\"publisher\":{\"@id\":\"https:\/\/www.biarritz-academie-danse.com\/#organization\"},\"potentialAction\":[{\"@type\":\"SearchAction\",\"target\":{\"@type\":\"EntryPoint\",\"urlTemplate\":\"https:\/\/www.biarritz-academie-danse.com\/?s={search_term_string}\"},\"query-input\":{\"@type\":\"PropertyValueSpecification\",\"valueRequired\":true,\"valueName\":\"search_term_string\"}}],\"inLanguage\":\"en-GB\"},{\"@type\":\"Organization\",\"@id\":\"https:\/\/www.biarritz-academie-danse.com\/#organization\",\"name\":\"Acad\u00e9mie Internationale de Danse de Biarritz\",\"url\":\"https:\/\/www.biarritz-academie-danse.com\/\",\"logo\":{\"@type\":\"ImageObject\",\"inLanguage\":\"en-GB\",\"@id\":\"https:\/\/www.biarritz-academie-danse.com\/#\/schema\/logo\/image\/\",\"url\":\"\",\"contentUrl\":\"\",\"caption\":\"Acad\u00e9mie Internationale de Danse de Biarritz\"},\"image\":{\"@id\":\"https:\/\/www.biarritz-academie-danse.com\/#\/schema\/logo\/image\/\"},\"sameAs\":[\"https:\/\/www.facebook.com\/people\/Acadmie-Internationale-de-Danse-de-Biarritz\/100057286936432\/\",\"https:\/\/www.instagram.com\/academie_danse_biarritz\/\"]}]}<\/script>\n<!-- \/ Yoast SEO plugin. -->","yoast_head_json":{"title":"Mentions l\u00e9gales - Biarritz Acad\u00e9mie de danse","robots":{"index":"index","follow":"follow","max-snippet":"max-snippet:-1","max-image-preview":"max-image-preview:large","max-video-preview":"max-video-preview:-1"},"canonical":"https:\/\/www.biarritz-academie-danse.com\/en\/mentions-legales\/","og_locale":"en_GB","og_type":"article","og_title":"Mentions l\u00e9gales - Biarritz Acad\u00e9mie de danse","og_description":"Mentions l\u00e9gales Le site accessible depuis l\u2019url www.biarritz-academie-danse.com est la propri\u00e9t\u00e9 de L\u2019ASSOCIATION LOI 1901 \u00ab BALLET BIARRITZ\u00bb \/ Malandain Ballet Biarritz, Centre chor\u00e9graphique national d\u2019Aquitaine en Pyr\u00e9n\u00e9es Atlantiques, N\u00b0 de SIRET 419 590 344 00018 \u2013 CODE APE 900 [&hellip;]","og_url":"https:\/\/www.biarritz-academie-danse.com\/en\/mentions-legales\/","og_site_name":"Biarritz Acad\u00e9mie de danse","article_publisher":"https:\/\/www.facebook.com\/people\/Acadmie-Internationale-de-Danse-de-Biarritz\/100057286936432\/","article_modified_time":"2024-02-01T10:56:57+00:00","twitter_card":"summary_large_image","twitter_misc":{"Estimated reading time":"2 minutes"},"schema":{"@context":"https:\/\/schema.org","@graph":[{"@type":"WebPage","@id":"https:\/\/www.biarritz-academie-danse.com\/mentions-legales\/","url":"https:\/\/www.biarritz-academie-danse.com\/mentions-legales\/","name":"Mentions l\u00e9gales - Biarritz Acad\u00e9mie de danse","isPartOf":{"@id":"https:\/\/www.biarritz-academie-danse.com\/#website"},"datePublished":"2015-02-19T13:47:33+00:00","dateModified":"2024-02-01T10:56:57+00:00","breadcrumb":{"@id":"https:\/\/www.biarritz-academie-danse.com\/mentions-legales\/#breadcrumb"},"inLanguage":"en-GB","potentialAction":[{"@type":"ReadAction","target":["https:\/\/www.biarritz-academie-danse.com\/mentions-legales\/"]}]},{"@type":"BreadcrumbList","@id":"https:\/\/www.biarritz-academie-danse.com\/mentions-legales\/#breadcrumb","itemListElement":[{"@type":"ListItem","position":1,"name":"Accueil","item":"https:\/\/www.biarritz-academie-danse.com\/"},{"@type":"ListItem","position":2,"name":"Mentions l\u00e9gales"}]},{"@type":"WebSite","@id":"https:\/\/www.biarritz-academie-danse.com\/#website","url":"https:\/\/www.biarritz-academie-danse.com\/","name":"Biarritz Acad\u00e9mie de danse","description":"site du stage international de danse de biarritz","publisher":{"@id":"https:\/\/www.biarritz-academie-danse.com\/#organization"},"potentialAction":[{"@type":"SearchAction","target":{"@type":"EntryPoint","urlTemplate":"https:\/\/www.biarritz-academie-danse.com\/?s={search_term_string}"},"query-input":{"@type":"PropertyValueSpecification","valueRequired":true,"valueName":"search_term_string"}}],"inLanguage":"en-GB"},{"@type":"Organization","@id":"https:\/\/www.biarritz-academie-danse.com\/#organization","name":"Acad\u00e9mie Internationale de Danse de Biarritz","url":"https:\/\/www.biarritz-academie-danse.com\/","logo":{"@type":"ImageObject","inLanguage":"en-GB","@id":"https:\/\/www.biarritz-academie-danse.com\/#\/schema\/logo\/image\/","url":"","contentUrl":"","caption":"Acad\u00e9mie Internationale de Danse de Biarritz"},"image":{"@id":"https:\/\/www.biarritz-academie-danse.com\/#\/schema\/logo\/image\/"},"sameAs":["https:\/\/www.facebook.com\/people\/Acadmie-Internationale-de-Danse-de-Biarritz\/100057286936432\/","https:\/\/www.instagram.com\/academie_danse_biarritz\/"]}]}},"_links":{"self":[{"href":"https:\/\/www.biarritz-academie-danse.com\/en\/wp-json\/wp\/v2\/pages\/29"}],"collection":[{"href":"https:\/\/www.biarritz-academie-danse.com\/en\/wp-json\/wp\/v2\/pages"}],"about":[{"href":"https:\/\/www.biarritz-academie-danse.com\/en\/wp-json\/wp\/v2\/types\/page"}],"author":[{"embeddable":true,"href":"https:\/\/www.biarritz-academie-danse.com\/en\/wp-json\/wp\/v2\/users\/2"}],"replies":[{"embeddable":true,"href":"https:\/\/www.biarritz-academie-danse.com\/en\/wp-json\/wp\/v2\/comments?post=29"}],"version-history":[{"count":64,"href":"https:\/\/www.biarritz-academie-danse.com\/en\/wp-json\/wp\/v2\/pages\/29\/revisions"}],"predecessor-version":[{"id":6036,"href":"https:\/\/www.biarritz-academie-danse.com\/en\/wp-json\/wp\/v2\/pages\/29\/revisions\/6036"}],"wp:attachment":[{"href":"https:\/\/www.biarritz-academie-danse.com\/en\/wp-json\/wp\/v2\/media?parent=29"}],"curies":[{"name":"wp","href":"https:\/\/api.w.org\/{rel}","templated":true}]}}